{"id":1996,"date":"2022-02-10T17:56:52","date_gmt":"2022-02-10T17:56:52","guid":{"rendered":"http:\/\/localhost\/?page_id=1996"},"modified":"2022-02-15T10:06:34","modified_gmt":"2022-02-15T10:06:34","slug":"zavrsen-projekt-integracija-klimatskih-promjena-u-stratesku-procjenu-utjecaja-na-okolis","status":"publish","type":"page","link":"https:\/\/huszpo.hr\/en\/zavrsen-projekt-integracija-klimatskih-promjena-u-stratesku-procjenu-utjecaja-na-okolis\/","title":{"rendered":"(CLOSED PROJECT) \"Integrating Climate Change into Strategic Environmental Assessment\""},"content":{"rendered":"<div class=\"wp-block-columns is-layout-flex wp-container-core-columns-is-layout-9d6595d7 wp-block-columns-is-layout-flex\">\n<div class=\"wp-block-column is-layout-flow wp-block-column-is-layout-flow\" style=\"flex-basis:66.66%\">\n<p>Adaptation and mitigation to climate change is one of the main policy drivers in the coming decades. To achieve the goals of sustainable development and steps towards low-carbon economy, more knowledge, resources and capacity building tools are needed in Croatia, especially in the process of developing strategic plans and programs that are subject to Strategic Environmental Investment (SEA).<\/p>\n\n\n\n<p><strong>Glavni ciljevi projekta&nbsp;<\/strong>su<strong>:<\/strong><\/p>\n\n\n\n<ol class=\"wp-block-list\"><li>podizanje kapaciteta hrvatskih stru\u010dnjaka o tome kako analizirati i obraditi pitanja klimatskih promjena u SPUO;<\/li><li>uspostaviti preduvjete za daljnju suradnju s francuskim partnerom na pitanjima prilagodbe i ubla\u017eavanja klimatskih promjena studijama utjecaja na okoli\u0161<\/li><\/ol>\n\n\n\n<p><strong>Glavni rezultati projekta<\/strong>&nbsp;koji \u0107e se ostvariti kroz francusko-hrvatsko partnerstvo su<\/p>\n\n\n\n<ol class=\"wp-block-list\"><li>provedena edukacija za 30-40 stru\u010dnjaka na temu klimatskih promjena u SPUO;<\/li><li>utvr\u0111ene teme, metode i financijska sredstva za nastavak francusko-hrvatskog partnerstva na okoli\u0161nim pitanjima<\/li><\/ol>\n\n\n\n<p><strong>Korisnici i sudionici<\/strong>&nbsp;projekta:<\/p>\n\n\n\n<ol class=\"wp-block-list\"><li>\u010dlanice\/ovi Hrvatske udruge stru\u010dnjaka za\u0161tite prirode i okoli\u0161a<\/li><li>predstavnici Ministarstva gospodarstva i odr\u017eivog razvoja<\/li><li>predstavnici nevladinih organizacija aktivnih u za\u0161titi prirode i okoli\u0161a<\/li><li>slu\u017ebenici odjela za za\u0161titu okoli\u0161a i prostorno planiranje \u017eupanija<\/li><\/ol>\n\n\n\n<p><strong>Nositelj projekta<\/strong>: Hrvatska udruga stru\u010dnjaka za\u0161tite prirode i okoli\u0161a (HUSZPO)<\/p>\n\n\n\n<p><strong>Partner na projektu:<\/strong>&nbsp;<a href=\"https:\/\/www.cerema.fr\/fr\">CEREMA<\/a>, francuska javna agencija za razvoj i kapitalizaciju javne ekspertize u podru\u010dju planiranja, regionalne kohezije, okoli\u0161ne i energetske tranzicije<\/p>\n\n\n\n<p><strong>Vrijeme provedbe<\/strong>: 1. srpanj 2020. \u2013 30. lipanj 2021.<\/p>\n\n\n\n<p><strong>Sufinanciranje<\/strong>:&nbsp;Francusko veleposlanstvo u Hrvatskoj, Ured za udruge Vlade Republike Hrvatske i prora\u010dun Grada Zagreba<\/p>\n\n\n\n<p><strong>Vrijednost projekta<\/strong>: 70.425,00 Kn<\/p>\n\n\n\n<figure class=\"wp-block-gallery has-nested-images columns-2 is-cropped wp-block-gallery-1 is-layout-flex wp-block-gallery-is-layout-flex\">\n<figure class=\"wp-block-image size-large\"><img decoding=\"async\" src=\"https:\/\/huszpo.hr\/wp-content\/uploads\/2022\/02\/pexels-kelly-l-4170427-1024x575.jpg\" alt=\"\"\/><\/figure>\n\n\n\n<figure class=\"wp-block-image size-large\"><img decoding=\"async\" src=\"https:\/\/huszpo.hr\/wp-content\/uploads\/2022\/02\/pexels-ofir-eliav-7939080-1024x683.jpg\" alt=\"\"\/><\/figure>\n\n\n\n<figure class=\"wp-block-image size-large\"><img decoding=\"async\" src=\"https:\/\/huszpo.hr\/wp-content\/uploads\/2022\/02\/pexels-pixabay-60013-1024x698.jpg\" alt=\"\"\/><\/figure>\n\n\n\n<figure class=\"wp-block-image size-large\"><img decoding=\"async\" src=\"https:\/\/huszpo.hr\/wp-content\/uploads\/2022\/02\/pexels-pixabay-257775-1024x680.jpg\" alt=\"\"\/><\/figure>\n<\/figure>\n<\/div>\n\n\n\n<div class=\"wp-block-column is-layout-flow wp-block-column-is-layout-flow\" style=\"flex-basis:33.33%\"><ul class=\"wp-block-latest-posts__list projekt-link wp-block-latest-posts\"><li><a class=\"wp-block-latest-posts__post-title\" href=\"https:\/\/huszpo.hr\/en\/2020\/09\/27\/zavrsen-projekt-integracija-klimatskih-promjena-u-stratesku-procjenu-utjecaja-na-okolis\/\">Zavr\u0161en projekt \u201eIntegracija klimatskih promjena u Strate\u0161ku procjenu utjecaja na okoli\u0161\u201d<\/a><\/li>\n<li><a class=\"wp-block-latest-posts__post-title\" href=\"https:\/\/huszpo.hr\/en\/2020\/06\/11\/veleposlanstvo-republike-francuske-i-ured-za-udruge-sufinanciraju-projekt-integracija-klimatskih-promjena-u-stratesku-procjenu-utjecaja-na-okolis\/\">Veleposlanstvo Republike Francuske i Ured za udruge sufinanciraju projekt \u201eIntegracija klimatskih promjena u Strate\u0161ku procjenu utjecaja na okoli\u0161\u201c<\/a><\/li>\n<li><a class=\"wp-block-latest-posts__post-title\" href=\"https:\/\/huszpo.hr\/en\/2020\/06\/07\/najava-webinara-14-6-2021-klimatske-promjene-u-strateskoj-procjeni-utjecaja-na-okolis-iskustva-iz-francuske\/\">Najava webinara 14.6.2021. \u2013 Klimatske promjene u strate\u0161koj procjeni utjecaja na okoli\u0161 \u2013 iskustva iz Francuske<\/a><\/li>\n<li><a class=\"wp-block-latest-posts__post-title\" href=\"https:\/\/huszpo.hr\/en\/2020\/05\/06\/odabran-projekt-huszpo-a-u-podrucju-klimatskih-promjena-s-ciljem-jacanja-francusko-hrvatskog-partnerstva-06-05-2020\/\">Odabran projekt HUSZPO-a u podru\u010dju klimatskih promjena s ciljem ja\u010danja francusko-hrvatskog partnerstva 06.05.2020.<\/a><\/li>\n<li><a class=\"wp-block-latest-posts__post-title\" href=\"https:\/\/huszpo.hr\/en\/2020\/02\/14\/potpisan-ugovor-za-sufinanciranje-projekta-integriranje-klimatskih-promjena-u-stratesku-procjenu-utjecaja-na-okolis-spuo\/\">Potpisan ugovor za sufinanciranje projekta \u2018Integriranje klimatskih promjena u strate\u0161ku procjenu utjecaja na okoli\u0161 (SPUO)\u2019<\/a><\/li>\n<\/ul><\/div>\n<\/div>\n\n\n\n<figure class=\"wp-block-image size-large\"><img loading=\"lazy\" decoding=\"async\" width=\"1024\" height=\"184\" src=\"http:\/\/localhost\/wp-content\/uploads\/2021\/11\/Slika2-resized-fixed-1024x184.jpg\" alt=\"\" class=\"wp-image-1769\" srcset=\"https:\/\/huszpo.hr\/wp-content\/uploads\/2021\/11\/Slika2-resized-fixed-1024x184.jpg 1024w, https:\/\/huszpo.hr\/wp-content\/uploads\/2021\/11\/Slika2-resized-fixed-300x54.jpg 300w, https:\/\/huszpo.hr\/wp-content\/uploads\/2021\/11\/Slika2-resized-fixed-768x138.jpg 768w, https:\/\/huszpo.hr\/wp-content\/uploads\/2021\/11\/Slika2-resized-fixed-1536x276.jpg 1536w, https:\/\/huszpo.hr\/wp-content\/uploads\/2021\/11\/Slika2-resized-fixed-1080x194.jpg 1080w, https:\/\/huszpo.hr\/wp-content\/uploads\/2021\/11\/Slika2-resized-fixed-1280x230.jpg 1280w, https:\/\/huszpo.hr\/wp-content\/uploads\/2021\/11\/Slika2-resized-fixed-980x176.jpg 980w, https:\/\/huszpo.hr\/wp-content\/uploads\/2021\/11\/Slika2-resized-fixed-480x86.jpg 480w, https:\/\/huszpo.hr\/wp-content\/uploads\/2021\/11\/Slika2-resized-fixed.jpg 1920w\" sizes=\"auto, (max-width: 1024px) 100vw, 1024px\" \/><\/figure>","protected":false},"excerpt":{"rendered":"<p>Prilagodba i ubla\u017eavanje klimatskih promjena su me\u0111u glavnim pokreta\u010dima okoli\u0161ne i gospodarske politike u nadolaze\u0107im desetlje\u0107ima. Za postizanje ciljeva odr\u017eivog razvoja i ostvarenje koraka prema niskouglji\u010dnoj ekonomiji u Hrvatskoj je potrebno vi\u0161e znanja, resursa i alata za izgradnju kapaciteta stru\u010dnjaka, posebice u procesu izrade strate\u0161kih planova i programa koji podlije\u017eu Strate\u0161koj procjeni utjecaja na okoli\u0161&hellip;&nbsp;<a href=\"https:\/\/huszpo.hr\/en\/zavrsen-projekt-integracija-klimatskih-promjena-u-stratesku-procjenu-utjecaja-na-okolis\/\" rel=\"bookmark\">Read More &raquo;<span class=\"screen-reader-text\">(CLOSED PROJECT) \"Integrating Climate Change into Strategic Environmental Assessment\"<\/span><\/a><\/p>","protected":false},"author":2,"featured_media":0,"parent":0,"menu_order":0,"comment_status":"closed","ping_status":"closed","template":"","meta":{"_uag_custom_page_level_css":"","neve_meta_sidebar":"","neve_meta_container":"","neve_meta_enable_content_width":"","neve_meta_content_width":0,"neve_meta_title_alignment":"","neve_meta_author_avatar":"","neve_post_elements_order":"","neve_meta_disable_header":"","neve_meta_disable_footer":"","neve_meta_disable_title":"","footnotes":""},"class_list":["post-1996","page","type-page","status-publish","hentry"],"yoast_head":"<!-- This site is optimized with the Yoast SEO plugin v27.5 - https:\/\/yoast.com\/product\/yoast-seo-wordpress\/ -->\n<title>(ZATVOREN PROJEKT) \u201cIntegracija klimatskih promjena u strate\u0161ku procjenu utjecaja na okoli\u0161\u201d - HUSZPO<\/title>\n<meta name=\"robots\" content=\"noindex, follow\" \/>\n<meta property=\"og:locale\" content=\"en_US\" \/>\n<meta property=\"og:type\" content=\"article\" \/>\n<meta property=\"og:title\" content=\"(ZATVOREN PROJEKT) \u201cIntegracija klimatskih promjena u strate\u0161ku procjenu utjecaja na okoli\u0161\u201d - HUSZPO\" \/>\n<meta property=\"og:description\" content=\"Prilagodba i ubla\u017eavanje klimatskih promjena su me\u0111u glavnim pokreta\u010dima okoli\u0161ne i gospodarske politike u nadolaze\u0107im desetlje\u0107ima. Za postizanje ciljeva odr\u017eivog razvoja i ostvarenje koraka prema niskouglji\u010dnoj ekonomiji u Hrvatskoj je potrebno vi\u0161e znanja, resursa i alata za izgradnju kapaciteta stru\u010dnjaka, posebice u procesu izrade strate\u0161kih planova i programa koji podlije\u017eu Strate\u0161koj procjeni utjecaja na okoli\u0161&hellip;&nbsp;Read More &raquo;(ZATVOREN PROJEKT) \u201cIntegracija klimatskih promjena u strate\u0161ku procjenu utjecaja na okoli\u0161\u201d\" \/>\n<meta property=\"og:url\" content=\"https:\/\/huszpo.hr\/en\/zavrsen-projekt-integracija-klimatskih-promjena-u-stratesku-procjenu-utjecaja-na-okolis\/\" \/>\n<meta property=\"og:site_name\" content=\"HUSZPO\" \/>\n<meta property=\"article:publisher\" content=\"https:\/\/www.facebook.com\/HUSZPO-107221977694653\" \/>\n<meta property=\"article:modified_time\" content=\"2022-02-15T10:06:34+00:00\" \/>\n<meta property=\"og:image\" content=\"https:\/\/huszpo.hr\/wp-content\/uploads\/2022\/02\/pexels-kelly-l-4170427-1024x575.jpg\" \/>\n<meta name=\"twitter:card\" content=\"summary_large_image\" \/>\n<meta name=\"twitter:site\" content=\"@huszpo\" \/>\n<meta name=\"twitter:label1\" content=\"Est. reading time\" \/>\n\t<meta name=\"twitter:data1\" content=\"3 minutes\" \/>\n<script type=\"application\/ld+json\" class=\"yoast-schema-graph\">{\"@context\":\"https:\\\/\\\/schema.org\",\"@graph\":[{\"@type\":\"WebPage\",\"@id\":\"https:\\\/\\\/huszpo.hr\\\/zavrsen-projekt-integracija-klimatskih-promjena-u-stratesku-procjenu-utjecaja-na-okolis\\\/\",\"url\":\"https:\\\/\\\/huszpo.hr\\\/zavrsen-projekt-integracija-klimatskih-promjena-u-stratesku-procjenu-utjecaja-na-okolis\\\/\",\"name\":\"(ZATVOREN PROJEKT) \u201cIntegracija klimatskih promjena u strate\u0161ku procjenu utjecaja na okoli\u0161\u201d - HUSZPO\",\"isPartOf\":{\"@id\":\"https:\\\/\\\/huszpo.hr\\\/#website\"},\"primaryImageOfPage\":{\"@id\":\"https:\\\/\\\/huszpo.hr\\\/zavrsen-projekt-integracija-klimatskih-promjena-u-stratesku-procjenu-utjecaja-na-okolis\\\/#primaryimage\"},\"image\":{\"@id\":\"https:\\\/\\\/huszpo.hr\\\/zavrsen-projekt-integracija-klimatskih-promjena-u-stratesku-procjenu-utjecaja-na-okolis\\\/#primaryimage\"},\"thumbnailUrl\":\"https:\\\/\\\/huszpo.hr\\\/wp-content\\\/uploads\\\/2022\\\/02\\\/pexels-kelly-l-4170427-1024x575.jpg\",\"datePublished\":\"2022-02-10T17:56:52+00:00\",\"dateModified\":\"2022-02-15T10:06:34+00:00\",\"breadcrumb\":{\"@id\":\"https:\\\/\\\/huszpo.hr\\\/zavrsen-projekt-integracija-klimatskih-promjena-u-stratesku-procjenu-utjecaja-na-okolis\\\/#breadcrumb\"},\"inLanguage\":\"en-US\",\"potentialAction\":[{\"@type\":\"ReadAction\",\"target\":[\"https:\\\/\\\/huszpo.hr\\\/zavrsen-projekt-integracija-klimatskih-promjena-u-stratesku-procjenu-utjecaja-na-okolis\\\/\"]}]},{\"@type\":\"ImageObject\",\"inLanguage\":\"en-US\",\"@id\":\"https:\\\/\\\/huszpo.hr\\\/zavrsen-projekt-integracija-klimatskih-promjena-u-stratesku-procjenu-utjecaja-na-okolis\\\/#primaryimage\",\"url\":\"https:\\\/\\\/huszpo.hr\\\/wp-content\\\/uploads\\\/2022\\\/02\\\/pexels-kelly-l-4170427-1024x575.jpg\",\"contentUrl\":\"https:\\\/\\\/huszpo.hr\\\/wp-content\\\/uploads\\\/2022\\\/02\\\/pexels-kelly-l-4170427-1024x575.jpg\"},{\"@type\":\"BreadcrumbList\",\"@id\":\"https:\\\/\\\/huszpo.hr\\\/zavrsen-projekt-integracija-klimatskih-promjena-u-stratesku-procjenu-utjecaja-na-okolis\\\/#breadcrumb\",\"itemListElement\":[{\"@type\":\"ListItem\",\"position\":1,\"name\":\"Po\u010detna stranica\",\"item\":\"https:\\\/\\\/huszpo.hr\\\/\"},{\"@type\":\"ListItem\",\"position\":2,\"name\":\"(ZATVOREN PROJEKT) \u201cIntegracija klimatskih promjena u strate\u0161ku procjenu utjecaja na okoli\u0161\u201d\"}]},{\"@type\":\"WebSite\",\"@id\":\"https:\\\/\\\/huszpo.hr\\\/#website\",\"url\":\"https:\\\/\\\/huszpo.hr\\\/\",\"name\":\"HUSZPO\",\"description\":\"\",\"publisher\":{\"@id\":\"https:\\\/\\\/huszpo.hr\\\/#organization\"},\"potentialAction\":[{\"@type\":\"SearchAction\",\"target\":{\"@type\":\"EntryPoint\",\"urlTemplate\":\"https:\\\/\\\/huszpo.hr\\\/?s={search_term_string}\"},\"query-input\":{\"@type\":\"PropertyValueSpecification\",\"valueRequired\":true,\"valueName\":\"search_term_string\"}}],\"inLanguage\":\"en-US\"},{\"@type\":\"Organization\",\"@id\":\"https:\\\/\\\/huszpo.hr\\\/#organization\",\"name\":\"HUSZPO\",\"url\":\"https:\\\/\\\/huszpo.hr\\\/\",\"logo\":{\"@type\":\"ImageObject\",\"inLanguage\":\"en-US\",\"@id\":\"https:\\\/\\\/huszpo.hr\\\/#\\\/schema\\\/logo\\\/image\\\/\",\"url\":\"http:\\\/\\\/localhost\\\/wp-content\\\/uploads\\\/2020\\\/08\\\/vlxssa_O_400x400.jpg\",\"contentUrl\":\"http:\\\/\\\/localhost\\\/wp-content\\\/uploads\\\/2020\\\/08\\\/vlxssa_O_400x400.jpg\",\"width\":400,\"height\":400,\"caption\":\"HUSZPO\"},\"image\":{\"@id\":\"https:\\\/\\\/huszpo.hr\\\/#\\\/schema\\\/logo\\\/image\\\/\"},\"sameAs\":[\"https:\\\/\\\/www.facebook.com\\\/HUSZPO-107221977694653\",\"https:\\\/\\\/x.com\\\/huszpo\"]}]}<\/script>\n<!-- \/ Yoast SEO plugin. -->","yoast_head_json":{"title":"(ZATVOREN PROJEKT) \u201cIntegracija klimatskih promjena u strate\u0161ku procjenu utjecaja na okoli\u0161\u201d - HUSZPO","robots":{"index":"noindex","follow":"follow"},"og_locale":"en_US","og_type":"article","og_title":"(ZATVOREN PROJEKT) \u201cIntegracija klimatskih promjena u strate\u0161ku procjenu utjecaja na okoli\u0161\u201d - HUSZPO","og_description":"Prilagodba i ubla\u017eavanje klimatskih promjena su me\u0111u glavnim pokreta\u010dima okoli\u0161ne i gospodarske politike u nadolaze\u0107im desetlje\u0107ima. Za postizanje ciljeva odr\u017eivog razvoja i ostvarenje koraka prema niskouglji\u010dnoj ekonomiji u Hrvatskoj je potrebno vi\u0161e znanja, resursa i alata za izgradnju kapaciteta stru\u010dnjaka, posebice u procesu izrade strate\u0161kih planova i programa koji podlije\u017eu Strate\u0161koj procjeni utjecaja na okoli\u0161&hellip;&nbsp;Read More &raquo;(ZATVOREN PROJEKT) \u201cIntegracija klimatskih promjena u strate\u0161ku procjenu utjecaja na okoli\u0161\u201d","og_url":"https:\/\/huszpo.hr\/en\/zavrsen-projekt-integracija-klimatskih-promjena-u-stratesku-procjenu-utjecaja-na-okolis\/","og_site_name":"HUSZPO","article_publisher":"https:\/\/www.facebook.com\/HUSZPO-107221977694653","article_modified_time":"2022-02-15T10:06:34+00:00","og_image":[{"url":"https:\/\/huszpo.hr\/wp-content\/uploads\/2022\/02\/pexels-kelly-l-4170427-1024x575.jpg","type":"","width":"","height":""}],"twitter_card":"summary_large_image","twitter_site":"@huszpo","twitter_misc":{"Est. reading time":"3 minutes"},"schema":{"@context":"https:\/\/schema.org","@graph":[{"@type":"WebPage","@id":"https:\/\/huszpo.hr\/zavrsen-projekt-integracija-klimatskih-promjena-u-stratesku-procjenu-utjecaja-na-okolis\/","url":"https:\/\/huszpo.hr\/zavrsen-projekt-integracija-klimatskih-promjena-u-stratesku-procjenu-utjecaja-na-okolis\/","name":"(ZATVOREN PROJEKT) \u201cIntegracija klimatskih promjena u strate\u0161ku procjenu utjecaja na okoli\u0161\u201d - HUSZPO","isPartOf":{"@id":"https:\/\/huszpo.hr\/#website"},"primaryImageOfPage":{"@id":"https:\/\/huszpo.hr\/zavrsen-projekt-integracija-klimatskih-promjena-u-stratesku-procjenu-utjecaja-na-okolis\/#primaryimage"},"image":{"@id":"https:\/\/huszpo.hr\/zavrsen-projekt-integracija-klimatskih-promjena-u-stratesku-procjenu-utjecaja-na-okolis\/#primaryimage"},"thumbnailUrl":"https:\/\/huszpo.hr\/wp-content\/uploads\/2022\/02\/pexels-kelly-l-4170427-1024x575.jpg","datePublished":"2022-02-10T17:56:52+00:00","dateModified":"2022-02-15T10:06:34+00:00","breadcrumb":{"@id":"https:\/\/huszpo.hr\/zavrsen-projekt-integracija-klimatskih-promjena-u-stratesku-procjenu-utjecaja-na-okolis\/#breadcrumb"},"inLanguage":"en-US","potentialAction":[{"@type":"ReadAction","target":["https:\/\/huszpo.hr\/zavrsen-projekt-integracija-klimatskih-promjena-u-stratesku-procjenu-utjecaja-na-okolis\/"]}]},{"@type":"ImageObject","inLanguage":"en-US","@id":"https:\/\/huszpo.hr\/zavrsen-projekt-integracija-klimatskih-promjena-u-stratesku-procjenu-utjecaja-na-okolis\/#primaryimage","url":"https:\/\/huszpo.hr\/wp-content\/uploads\/2022\/02\/pexels-kelly-l-4170427-1024x575.jpg","contentUrl":"https:\/\/huszpo.hr\/wp-content\/uploads\/2022\/02\/pexels-kelly-l-4170427-1024x575.jpg"},{"@type":"BreadcrumbList","@id":"https:\/\/huszpo.hr\/zavrsen-projekt-integracija-klimatskih-promjena-u-stratesku-procjenu-utjecaja-na-okolis\/#breadcrumb","itemListElement":[{"@type":"ListItem","position":1,"name":"Po\u010detna stranica","item":"https:\/\/huszpo.hr\/"},{"@type":"ListItem","position":2,"name":"(ZATVOREN PROJEKT) \u201cIntegracija klimatskih promjena u strate\u0161ku procjenu utjecaja na okoli\u0161\u201d"}]},{"@type":"WebSite","@id":"https:\/\/huszpo.hr\/#website","url":"https:\/\/huszpo.hr\/","name":"HUSZPO","description":"","publisher":{"@id":"https:\/\/huszpo.hr\/#organization"},"potentialAction":[{"@type":"SearchAction","target":{"@type":"EntryPoint","urlTemplate":"https:\/\/huszpo.hr\/?s={search_term_string}"},"query-input":{"@type":"PropertyValueSpecification","valueRequired":true,"valueName":"search_term_string"}}],"inLanguage":"en-US"},{"@type":"Organization","@id":"https:\/\/huszpo.hr\/#organization","name":"HUSZPO","url":"https:\/\/huszpo.hr\/","logo":{"@type":"ImageObject","inLanguage":"en-US","@id":"https:\/\/huszpo.hr\/#\/schema\/logo\/image\/","url":"http:\/\/localhost\/wp-content\/uploads\/2020\/08\/vlxssa_O_400x400.jpg","contentUrl":"http:\/\/localhost\/wp-content\/uploads\/2020\/08\/vlxssa_O_400x400.jpg","width":400,"height":400,"caption":"HUSZPO"},"image":{"@id":"https:\/\/huszpo.hr\/#\/schema\/logo\/image\/"},"sameAs":["https:\/\/www.facebook.com\/HUSZPO-107221977694653","https:\/\/x.com\/huszpo"]}]}},"uagb_featured_image_src":{"full":false,"thumbnail":false,"medium":false,"medium_large":false,"large":false,"xl":false,"xxl":false,"xxxl":false,"xxxxl":false,"xxxxxl":false,"1536x1536":false,"2048x2048":false,"trp-custom-language-flag":false,"neve-blog":false},"uagb_author_info":{"display_name":"Filip Kuna","author_link":"https:\/\/huszpo.hr\/en\/author\/filip1kuna2\/"},"uagb_comment_info":0,"uagb_excerpt":"Prilagodba i ubla\u017eavanje klimatskih promjena su me\u0111u glavnim pokreta\u010dima okoli\u0161ne i gospodarske politike u nadolaze\u0107im desetlje\u0107ima. Za postizanje ciljeva odr\u017eivog razvoja i ostvarenje koraka prema niskouglji\u010dnoj ekonomiji u Hrvatskoj je potrebno vi\u0161e znanja, resursa i alata za izgradnju kapaciteta stru\u010dnjaka, posebice u procesu izrade strate\u0161kih planova i programa koji podlije\u017eu Strate\u0161koj procjeni utjecaja na okoli\u0161&hellip;&nbsp;Read&hellip;","_links":{"self":[{"href":"https:\/\/huszpo.hr\/en\/wp-json\/wp\/v2\/pages\/1996","targetHints":{"allow":["GET"]}}],"collection":[{"href":"https:\/\/huszpo.hr\/en\/wp-json\/wp\/v2\/pages"}],"about":[{"href":"https:\/\/huszpo.hr\/en\/wp-json\/wp\/v2\/types\/page"}],"author":[{"embeddable":true,"href":"https:\/\/huszpo.hr\/en\/wp-json\/wp\/v2\/users\/2"}],"replies":[{"embeddable":true,"href":"https:\/\/huszpo.hr\/en\/wp-json\/wp\/v2\/comments?post=1996"}],"version-history":[{"count":11,"href":"https:\/\/huszpo.hr\/en\/wp-json\/wp\/v2\/pages\/1996\/revisions"}],"predecessor-version":[{"id":2332,"href":"https:\/\/huszpo.hr\/en\/wp-json\/wp\/v2\/pages\/1996\/revisions\/2332"}],"wp:attachment":[{"href":"https:\/\/huszpo.hr\/en\/wp-json\/wp\/v2\/media?parent=1996"}],"curies":[{"name":"wp","href":"https:\/\/api.w.org\/{rel}","templated":true}]}}